{"id":893,"date":"2024-06-05T14:28:25","date_gmt":"2024-06-05T14:28:25","guid":{"rendered":"https:\/\/www.economic-instability.com\/?page_id=893"},"modified":"2024-07-05T10:09:59","modified_gmt":"2024-07-05T10:09:59","slug":"chapitre-2-a-la-recherche-dune-dynamique-economique-les-premiers-travaux-de-tinbergen","status":"publish","type":"page","link":"https:\/\/www.economic-instability.com\/?page_id=893","title":{"rendered":"Chapitre 2 -A la recherche d&#8217;une dynamique \u00e9conomique : les premiers travaux de Tinbergen"},"content":{"rendered":"<p>Ce deuxi\u00e8me chapitre est d\u00e9di\u00e9 aux premiers travaux de l&#8217;\u00e9conomiste hollandais Jan Tinbergen et \u00e0 ses premiers articles de la fin des ann\u00e9es 1920 et du d\u00e9but des ann\u00e9es 1930, lorsqu&#8217;il d\u00e9veloppe des instruments math\u00e9matiques qu&#8217;il adapte \u00e0 la science \u00e9conomique pour expliquer <strong>la dynamique d&#8217;un syst\u00e8me \u00e9conomique.<\/strong> S&#8217;int\u00e9resser \u00e0 ses premiers travaux permet de mieux comprendre le processus de cr\u00e9ation des premiers mod\u00e8les macro\u00e9conomiques.<\/p>\n<p>Tinbergen contribue simultan\u00e9ment aux deux principaux domaines de recherche en \u00e9conomie des ann\u00e9es 1920: <strong>l&#8217;optimisation inter-temporelle<\/strong> et le<strong> m\u00e9canisme du cobweb<\/strong>. Dans ces deux domaines, Il d\u00e9place les lignes par le recours \u00e0 des \u00e9quations mixtes en&nbsp; diff\u00e9rences et diff\u00e9rentielles, que Kalecki et Frisch utilisent eux-m\u00eames pour souligner la stabilit\u00e9 de l&#8217;ensemble de l&#8217;\u00e9conomie.<\/p>\n<p>En se concentrant sur ses premi\u00e8res contributions, il est possible de souligner la dimension collective de son travail et de se faire une premi\u00e8re id\u00e9e de la mesure dans laquelle de nouvelles notions et de nouveaux outils sont fa\u00e7onn\u00e9s et \u00e9labor\u00e9s au sein d&#8217;un petit groupe d&#8217;\u00e9conomistes math\u00e9maticiens.<\/p>\n<h4>Posts in this section:<\/h4>\n<h4><span style=\"color: #252525; font-size: 1rem; font-weight: normal;\">[chapter 2 posts]<\/span><\/h4>\n<blockquote class=\"wp-embedded-content\" data-secret=\"RniR0ID3Qu\"><p><a href=\"https:\/\/www.economic-instability.com\/?p=1134\">How it all began: Ragnar Frisch and the founding of the Econometric Society (1\/3)<\/a><\/p><\/blockquote>\n<p><iframe class=\"wp-embedded-content\" sandbox=\"allow-scripts\" security=\"restricted\" style=\"position: absolute; clip: rect(1px, 1px, 1px, 1px);\" title=\"\u00ab\u00a0How it all began: Ragnar Frisch and the founding of the Econometric Society (1\/3)\u00a0\u00bb &#8212; (In)stabilit\u00e9 \u00c9conomique\" src=\"https:\/\/www.economic-instability.com\/?p=1134&#038;embed=true#?secret=NUih5I0DEW#?secret=RniR0ID3Qu\" data-secret=\"RniR0ID3Qu\" width=\"600\" height=\"338\" frameborder=\"0\" marginwidth=\"0\" marginheight=\"0\" scrolling=\"no\"><\/iframe><\/p>\n<blockquote class=\"wp-embedded-content\" data-secret=\"52SHzB0jwV\"><p><a href=\"https:\/\/www.economic-instability.com\/?p=1249\">Comment tout a commenc\u00e9: Ragnar Frisch et la cr\u00e9ation de la Soci\u00e9t\u00e9 d\u2019Econom\u00e9trie (2\/3)<\/a><\/p><\/blockquote>\n<p><iframe class=\"wp-embedded-content\" sandbox=\"allow-scripts\" security=\"restricted\" style=\"position: absolute; clip: rect(1px, 1px, 1px, 1px);\" title=\"&#8220;Comment tout a commenc\u00e9: Ragnar Frisch et la cr\u00e9ation de la Soci\u00e9t\u00e9 d\u2019Econom\u00e9trie (2\/3)&#8221; &#8212; (In)stabilit\u00e9 \u00c9conomique\" src=\"https:\/\/www.economic-instability.com\/?p=1249&#038;embed=true#?secret=xNYXApJQtO#?secret=52SHzB0jwV\" data-secret=\"52SHzB0jwV\" width=\"600\" height=\"338\" frameborder=\"0\" marginwidth=\"0\" marginheight=\"0\" scrolling=\"no\"><\/iframe><\/p>\n<blockquote class=\"wp-embedded-content\" data-secret=\"elEqZP9Hf0\"><p><a href=\"https:\/\/www.economic-instability.com\/?p=1336\">Comment tout a commenc\u00e9: Ragnar Frisch et la cr\u00e9ation de la Soci\u00e9t\u00e9 d\u2019Econom\u00e9trie (3\/3)<\/a><\/p><\/blockquote>\n<p><iframe class=\"wp-embedded-content\" sandbox=\"allow-scripts\" security=\"restricted\" style=\"position: absolute; clip: rect(1px, 1px, 1px, 1px);\" title=\"&#8220;Comment tout a commenc\u00e9: Ragnar Frisch et la cr\u00e9ation de la Soci\u00e9t\u00e9 d\u2019Econom\u00e9trie (3\/3)&#8221; &#8212; (In)stabilit\u00e9 \u00c9conomique\" src=\"https:\/\/www.economic-instability.com\/?p=1336&#038;embed=true#?secret=rwZ21qEfYz#?secret=elEqZP9Hf0\" data-secret=\"elEqZP9Hf0\" width=\"600\" height=\"338\" frameborder=\"0\" marginwidth=\"0\" marginheight=\"0\" scrolling=\"no\"><\/iframe><\/p>\n<blockquote class=\"wp-embedded-content\" data-secret=\"NchYgMenGj\"><p><a href=\"https:\/\/www.economic-instability.com\/?p=740\">Un micro \u00e9pisode fondateur de la macro\u00e9conomie: les premiers pas de Jan Tinbergen sur le terrain des \u00e9quilibres multiples et des d\u00e9fauts de coordination<\/a><\/p><\/blockquote>\n<p><iframe class=\"wp-embedded-content\" sandbox=\"allow-scripts\" security=\"restricted\" style=\"position: absolute; clip: rect(1px, 1px, 1px, 1px);\" title=\"\u00ab\u00a0Un micro \u00e9pisode fondateur de la macro\u00e9conomie: les premiers pas de Jan Tinbergen sur le terrain des \u00e9quilibres multiples et des d\u00e9fauts de coordination\u00a0\u00bb &#8212; (In)stabilit\u00e9 \u00c9conomique\" src=\"https:\/\/www.economic-instability.com\/?p=740&#038;embed=true#?secret=okWrYmnOy1#?secret=NchYgMenGj\" data-secret=\"NchYgMenGj\" width=\"600\" height=\"338\" frameborder=\"0\" marginwidth=\"0\" marginheight=\"0\" scrolling=\"no\"><\/iframe><\/p>\n<p>&nbsp;<\/p>\n","protected":false},"excerpt":{"rendered":"<p>Ce deuxi\u00e8me chapitre est d\u00e9di\u00e9 aux premiers travaux de l&#8217;\u00e9conomiste hollandais Jan Tinbergen et \u00e0 ses premiers articles de la&hellip;<\/p>\n","protected":false},"author":2,"featured_media":0,"parent":0,"menu_order":0,"comment_status":"closed","ping_status":"closed","template":"","meta":{"_monsterinsights_skip_tracking":false,"_monsterinsights_sitenote_active":false,"_monsterinsights_sitenote_note":"","_monsterinsights_sitenote_category":0,"ngg_post_thumbnail":0,"footnotes":""},"_links":{"self":[{"href":"https:\/\/www.economic-instability.com\/index.php?rest_route=\/wp\/v2\/pages\/893"}],"collection":[{"href":"https:\/\/www.economic-instability.com\/index.php?rest_route=\/wp\/v2\/pages"}],"about":[{"href":"https:\/\/www.economic-instability.com\/index.php?rest_route=\/wp\/v2\/types\/page"}],"author":[{"embeddable":true,"href":"https:\/\/www.economic-instability.com\/index.php?rest_route=\/wp\/v2\/users\/2"}],"replies":[{"embeddable":true,"href":"https:\/\/www.economic-instability.com\/index.php?rest_route=%2Fwp%2Fv2%2Fcomments&post=893"}],"version-history":[{"count":7,"href":"https:\/\/www.economic-instability.com\/index.php?rest_route=\/wp\/v2\/pages\/893\/revisions"}],"predecessor-version":[{"id":1370,"href":"https:\/\/www.economic-instability.com\/index.php?rest_route=\/wp\/v2\/pages\/893\/revisions\/1370"}],"wp:attachment":[{"href":"https:\/\/www.economic-instability.com\/index.php?rest_route=%2Fwp%2Fv2%2Fmedia&parent=893"}],"curies":[{"name":"wp","href":"https:\/\/api.w.org\/{rel}","templated":true}]}}