{"id":931,"date":"2024-06-05T14:26:41","date_gmt":"2024-06-05T14:26:41","guid":{"rendered":"https:\/\/www.economic-instability.com\/?page_id=931"},"modified":"2024-06-05T14:37:31","modified_gmt":"2024-06-05T14:37:31","slug":"chapitre-1-introduction","status":"publish","type":"page","link":"https:\/\/www.economic-instability.com\/?page_id=931","title":{"rendered":"Chapitre 1 &#8211; Introduction"},"content":{"rendered":"<p>Les ann\u00e9es 1930 co\u00efncident avec un changement radical dans la mani\u00e8re d&#8217;aborder les questions macro\u00e9conomiques. \u00c0 partir de ce moment-l\u00e0, la macro\u00e9conomie devient une sous-discipline quantitative fond\u00e9e sur des mod\u00e8les math\u00e9matiques. Ce livre d\u00e9crit et analyse cette \u00e9volution en portant une attention particuli\u00e8re \u00e0 une s\u00e9rie de mod\u00e8les d\u00e9velopp\u00e9s par des \u00e9conomistes qui deviendront des figures centrales de la discipline, ainsi que par d&#8217;autres \u00e9conomistes aujourd&#8217;hui oubli\u00e9s. En expliquant la cr\u00e9ation de ces mod\u00e8les et la mani\u00e8re dont ils incarnent des visions sp\u00e9cifiques du monde, nous esp\u00e9rons aider un public inform\u00e9 \u00e0 mieux se repr\u00e9senter le pass\u00e9 de leur discipline et les grandes id\u00e9es port\u00e9es par une g\u00e9n\u00e9ration d&#8217;\u00e9conomistes qui \u00e9volue pendant l&#8217;entre-deux-guerres et le d\u00e9but de l&#8217;apr\u00e8s-guerre. Notre ambition est \u00e9galement de fournir de nouveaux mat\u00e9riaux aux \u00e9conomistes, \u00e9tudiants, enseignants et chercheurs en sciences sociales d\u00e9sireux de mieux conna\u00eetre les fondements et des notions qui font aujourd&#8217;hui partie du paysage moderne de l&#8217;\u00e9conomie.<\/p>\n<p>L&#8217;un des th\u00e8mes centraux de ce livre, qui appara\u00eet \u00e0 travers les mod\u00e8les \u00e9tudi\u00e9s, est le probl\u00e8me de l&#8217;instabilit\u00e9 \u00e9conomique, abord\u00e9 de mani\u00e8re sp\u00e9cifique selon le contexte. Une difficult\u00e9 de l&#8217;\u00e9criture de cette histoire a \u00e9t\u00e9 de trouver un moyen de rendre compte de la dimension technique de ces contributions sans diluer leur originalit\u00e9 dans des simplifications. Les analyses sont articul\u00e9es \u00e0 ce site fournissant des simulations informatiques qui offrent un moyen de visualiser facilement les solutions de diff\u00e9rents mod\u00e8les et de voir comment les politiques peuvent changer les trajectoires \u00e9conomiques. Afin de rester fid\u00e8le au message et \u00e0 la vision des contributeurs, ces applications ont \u00e9t\u00e9 d\u00e9velopp\u00e9es en stricte conformit\u00e9 avec les propri\u00e9t\u00e9s des mod\u00e8les \u00e9tudi\u00e9s. De plus, ce site web a \u00e9t\u00e9 con\u00e7u pour offrir un acc\u00e8s plus facile au contenu des archives et des mat\u00e9riaux publi\u00e9s formant la base de cette \u00e9tude, ainsi qu&#8217;une sorte d&#8217;annexe math\u00e9matique au livre. Nous sommes convaincus qu&#8217;un tel outil peut contribuer \u00e0 la consolidation de notre connaissance du pass\u00e9 et aider \u00e0 compl\u00e9ter la vue d&#8217;ensemble du d\u00e9veloppement des id\u00e9es \u00e9conomiques.<\/p>\n<p>Nous sommes \u00e9galement convaincus que cette approche peut r\u00e9pondre aux attentes des \u00e9conomistes qui, \u00e0 des fins p\u00e9dagogiques, se r\u00e9f\u00e8rent souvent aux discussions pass\u00e9es mais qui, en l&#8217;absence de r\u00e9cit historique pr\u00e9cis, s&#8217;en tiennent \u00e0 aux conceptions expos\u00e9es dans les articles et les manuels. En fournissant une nouvelle fa\u00e7on de regarder le pass\u00e9, nous esp\u00e9rons ainsi \u00e9viter deux obstacles: produire un contenu compris seulement par une poign\u00e9e d&#8217;experts d&#8217;une part, ou d&#8217;autre part, reproduire des histoires pleines d&#8217;approximations et de simplifications.<\/p>\n","protected":false},"excerpt":{"rendered":"<p>Les ann\u00e9es 1930 co\u00efncident avec un changement radical dans la mani\u00e8re d&#8217;aborder les questions macro\u00e9conomiques. \u00c0 partir de ce moment-l\u00e0,&hellip;<\/p>\n","protected":false},"author":2,"featured_media":0,"parent":0,"menu_order":0,"comment_status":"closed","ping_status":"closed","template":"","meta":{"_monsterinsights_skip_tracking":false,"_monsterinsights_sitenote_active":false,"_monsterinsights_sitenote_note":"","_monsterinsights_sitenote_category":0,"ngg_post_thumbnail":0,"footnotes":""},"_links":{"self":[{"href":"https:\/\/www.economic-instability.com\/index.php?rest_route=\/wp\/v2\/pages\/931"}],"collection":[{"href":"https:\/\/www.economic-instability.com\/index.php?rest_route=\/wp\/v2\/pages"}],"about":[{"href":"https:\/\/www.economic-instability.com\/index.php?rest_route=\/wp\/v2\/types\/page"}],"author":[{"embeddable":true,"href":"https:\/\/www.economic-instability.com\/index.php?rest_route=\/wp\/v2\/users\/2"}],"replies":[{"embeddable":true,"href":"https:\/\/www.economic-instability.com\/index.php?rest_route=%2Fwp%2Fv2%2Fcomments&post=931"}],"version-history":[{"count":1,"href":"https:\/\/www.economic-instability.com\/index.php?rest_route=\/wp\/v2\/pages\/931\/revisions"}],"predecessor-version":[{"id":945,"href":"https:\/\/www.economic-instability.com\/index.php?rest_route=\/wp\/v2\/pages\/931\/revisions\/945"}],"wp:attachment":[{"href":"https:\/\/www.economic-instability.com\/index.php?rest_route=%2Fwp%2Fv2%2Fmedia&parent=931"}],"curies":[{"name":"wp","href":"https:\/\/api.w.org\/{rel}","templated":true}]}}